{"id":6,"date":"2024-04-23T21:50:22","date_gmt":"2024-04-23T21:50:22","guid":{"rendered":"https:\/\/www.hitzler-transport.de\/?page_id=6"},"modified":"2026-02-19T06:31:00","modified_gmt":"2026-02-19T06:31:00","slug":"home","status":"publish","type":"page","link":"https:\/\/www.hitzler-transport.de\/","title":{"rendered":"Home"},"content":{"rendered":"\n<p><\/p>\n\n\n\n<div class=\"alignfull\"><div id=\"metaslider-id-28\" style=\"width: 100%;\" class=\"ml-slider-3-70-2 metaslider metaslider-flex metaslider-28 ml-slider ms-theme-default nav-hidden\" role=\"region\" aria-roledescription=\"Slideshow\" aria-label=\"New Slideshow\">\n    <div id=\"metaslider_container_28\">\n        <div id=\"metaslider_28\">\n            <ul aria-live=\"polite\" class=\"slides\">\n                <li style=\"display: block; width: 100%;\" class=\"slide-97 ms-image \" aria-roledescription=\"slide\" aria-label=\"slide-97\"><img loading=\"lazy\" decoding=\"async\" src=\"https:\/\/www.hitzler-transport.de\/wp-content\/uploads\/2024\/04\/pexels-maizal-najmi-561201-scaled-700x120.jpg\" height=\"120\" width=\"700\" alt=\"Detailblick auf eine Teerstra\u00dfe im Sonnenaufgang\" class=\"slider-28 slide-97\" title=\"pexels-maizal-najmi-561201\" \/><\/li>\n                <li style=\"display: none; width: 100%;\" class=\"slide-99 ms-image \" aria-roledescription=\"slide\" aria-label=\"slide-99\"><img loading=\"lazy\" decoding=\"async\" src=\"https:\/\/www.hitzler-transport.de\/wp-content\/uploads\/2024\/04\/iStock-1396633199-1258x838px-300dpi-Zuschnitt-700x120.jpg\" height=\"120\" width=\"700\" alt=\"Happy truck driver looking through side window while driving his truck.\" class=\"slider-28 slide-99\" title=\"Happy truck driver looking through side window while driving his truck.\" \/><\/li>\n                <li style=\"display: none; width: 100%;\" class=\"slide-140 ms-image \" aria-roledescription=\"slide\" aria-label=\"slide-140\"><img loading=\"lazy\" decoding=\"async\" src=\"https:\/\/www.hitzler-transport.de\/wp-content\/uploads\/2024\/04\/iStock-859916128-726x484-px-72dpi-700x120.jpg\" height=\"120\" width=\"700\" alt=\"\" class=\"slider-28 slide-140\" title=\"Truck driving on the asphalt road in rural landscape at sunset with dark clouds\" \/><\/li>\n            <\/ul>\n        <\/div>\n        \n    <\/div>\n<\/div><\/div>\n\n\n\n<div style=\"height:39px\" aria-hidden=\"true\" class=\"wp-block-spacer\"><\/div>\n\n\n\n<p class=\"has-text-align-center has-custom-1-color has-text-color has-link-color has-large-font-size wp-elements-6fdd0dbd9eca01225eac86b836996c23\">WILLKOMMEN BEI HITZLER TRANSPORT GMBH<\/p>\n\n\n\n<p class=\"has-text-align-center has-medium-font-size\"><strong>IHR PARTNER F\u00dcR ZUVERL\u00c4SSIGE TRANSPORT- UND LOGISTIKL\u00d6SUNGEN<\/strong><\/p>\n\n\n\n<div class=\"wp-block-cover alignfull is-light\" style=\"min-height:548px;aspect-ratio:unset;\"><span aria-hidden=\"true\" class=\"wp-block-cover__background has-nv-site-bg-background-color has-background-dim-100 has-background-dim\"><\/span><div class=\"wp-block-cover__inner-container is-layout-flow wp-block-cover-is-layout-flow\">\n<div class=\"wp-block-group\"><div class=\"wp-block-group__inner-container is-layout-flow wp-block-group-is-layout-flow\">\n<hr class=\"wp-block-separator has-text-color has-custom-1-color has-alpha-channel-opacity has-custom-1-background-color has-background is-style-wide\" id=\"Ueber-uns\"\/>\n\n\n\n<div style=\"height:33px\" aria-hidden=\"true\" class=\"wp-block-spacer\"><\/div>\n\n\n\n<div class=\"wp-block-columns is-layout-flex wp-container-core-columns-is-layout-9d6595d7 wp-block-columns-is-layout-flex\">\n<div class=\"wp-block-column is-vertically-aligned-top is-layout-flow wp-block-column-is-layout-flow\" style=\"padding-top:var(--wp--preset--spacing--50);padding-bottom:var(--wp--preset--spacing--50);flex-basis:50%\">\n<h2 class=\"wp-block-heading\">\u00dcber uns<\/h2>\n\n\n\n<p>Die Hitzler Transport GmbH ist ein renommiertes Logistikunternehmen, <br>das sich auf die Bereitstellung ma\u00dfgeschneiderter Transport- und Logistikl\u00f6sungen spezialisiert hat.<\/p>\n\n\n\n<p>Mit einem engagierten Team von Fachleuten und einem modernen <br>Fuhrpark bieten wir als Teil der Bayern-Fass Gruppe effiziente, flexible <br>und zuverl\u00e4ssige Dienstleistungen f\u00fcr den internationalen Nah- und Fernverkehr.<\/p>\n\n\n\n<blockquote class=\"wp-block-quote is-layout-flow wp-block-quote-is-layout-flow\">\n<div class=\"wp-block-buttons is-layout-flex wp-block-buttons-is-layout-flex\"><\/div>\n\n\n\n<div class=\"wp-block-buttons is-layout-flex wp-block-buttons-is-layout-flex\">\n<div class=\"wp-block-button\"><a class=\"wp-block-button__link wp-element-button\" href=\"http:\/\/www.bayern-fass.de\" target=\"_blank\" rel=\"noreferrer noopener\">mehr \u00fcber die Bayern-Fass Gruppe<\/a><\/div>\n<\/div>\n\n\n\n<div class=\"wp-block-buttons is-layout-flex wp-block-buttons-is-layout-flex\"><\/div>\n<\/blockquote>\n<\/div>\n\n\n\n<div class=\"wp-block-column is-vertically-aligned-center is-layout-flow wp-block-column-is-layout-flow\" style=\"flex-basis:50%\">\n<figure class=\"wp-block-image size-full is-resized wp-duotone-unset-1\"><img loading=\"lazy\" decoding=\"async\" width=\"2560\" height=\"1707\" src=\"https:\/\/www.hitzler-transport.de\/wp-content\/uploads\/2025\/04\/DSC03115-Kopie-scaled.jpg\" alt=\"Reihung von wei\u00df-blauen Bayern-Fass LKW-Wechselbr\u00fccken auf dem Betriebsgel\u00e4nde in Aichach bei sonnigem Wetter, mit Firmenlogo und Kontaktdaten auf den Planen.\" class=\"wp-image-222\" style=\"width:529px;height:auto\" srcset=\"https:\/\/www.hitzler-transport.de\/wp-content\/uploads\/2025\/04\/DSC03115-Kopie-scaled.jpg 2560w, https:\/\/www.hitzler-transport.de\/wp-content\/uploads\/2025\/04\/DSC03115-Kopie-300x200.jpg 300w, https:\/\/www.hitzler-transport.de\/wp-content\/uploads\/2025\/04\/DSC03115-Kopie-1024x683.jpg 1024w, https:\/\/www.hitzler-transport.de\/wp-content\/uploads\/2025\/04\/DSC03115-Kopie-768x512.jpg 768w, https:\/\/www.hitzler-transport.de\/wp-content\/uploads\/2025\/04\/DSC03115-Kopie-1536x1024.jpg 1536w, https:\/\/www.hitzler-transport.de\/wp-content\/uploads\/2025\/04\/DSC03115-Kopie-2048x1365.jpg 2048w, https:\/\/www.hitzler-transport.de\/wp-content\/uploads\/2025\/04\/DSC03115-Kopie-930x620.jpg 930w\" sizes=\"auto, (max-width: 2560px) 100vw, 2560px\" \/><\/figure>\n<\/div>\n<\/div>\n<\/div><\/div>\n<\/div><\/div>\n\n\n\n<hr class=\"wp-block-separator has-text-color has-custom-1-color has-alpha-channel-opacity has-custom-1-background-color has-background is-style-wide\" id=\"Unsere-Leistungen\"\/>\n\n\n\n<div style=\"height:33px\" aria-hidden=\"true\" class=\"wp-block-spacer\"><\/div>\n\n\n\n<div class=\"wp-block-cover alignfull is-light\" style=\"min-height:603px;aspect-ratio:unset;\"><span aria-hidden=\"true\" class=\"wp-block-cover__background has-nv-light-bg-background-color has-background-dim-100 has-background-dim\"><\/span><div class=\"wp-block-cover__inner-container is-layout-flow wp-block-cover-is-layout-flow\">\n<div class=\"wp-block-group\"><div class=\"wp-block-group__inner-container is-layout-flow wp-block-group-is-layout-flow\">\n<div class=\"wp-block-columns is-layout-flex wp-container-core-columns-is-layout-9d6595d7 wp-block-columns-is-layout-flex\">\n<div class=\"wp-block-column is-vertically-aligned-center is-layout-flow wp-block-column-is-layout-flow\" style=\"flex-basis:50%\">\n<figure class=\"wp-block-image size-large is-resized\"><img loading=\"lazy\" decoding=\"async\" width=\"1024\" height=\"678\" src=\"https:\/\/www.hitzler-transport.de\/wp-content\/uploads\/2024\/04\/pexels-maizal-najmi-561201-1024x678.jpg\" alt=\"Detailblick auf eine Teerstra\u00dfe im Sonnenaufgang\" class=\"wp-image-95\" style=\"width:512px;height:auto\" srcset=\"https:\/\/www.hitzler-transport.de\/wp-content\/uploads\/2024\/04\/pexels-maizal-najmi-561201-1024x678.jpg 1024w, https:\/\/www.hitzler-transport.de\/wp-content\/uploads\/2024\/04\/pexels-maizal-najmi-561201-300x199.jpg 300w, https:\/\/www.hitzler-transport.de\/wp-content\/uploads\/2024\/04\/pexels-maizal-najmi-561201-768x509.jpg 768w, https:\/\/www.hitzler-transport.de\/wp-content\/uploads\/2024\/04\/pexels-maizal-najmi-561201-1536x1017.jpg 1536w, https:\/\/www.hitzler-transport.de\/wp-content\/uploads\/2024\/04\/pexels-maizal-najmi-561201-2048x1356.jpg 2048w\" sizes=\"auto, (max-width: 1024px) 100vw, 1024px\" \/><\/figure>\n<\/div>\n\n\n\n<div class=\"wp-block-column is-vertically-aligned-top is-layout-flow wp-block-column-is-layout-flow\" style=\"padding-top:var(--wp--preset--spacing--50);padding-bottom:var(--wp--preset--spacing--50);flex-basis:50%\">\n<h2 class=\"wp-block-heading has-text-align-left has-neve-text-color-color has-text-color\">Unsere Leistungen<\/h2>\n\n\n\n<h5 class=\"wp-block-heading has-custom-1-color has-text-color has-link-color wp-elements-ad1ae885b4e95d284d8ed945cba5eb94\">Zuverl\u00e4ssigkeit<\/h5>\n\n\n\n<p>Unsere perfekt abgestimmte Lieferlogistik sorgt f\u00fcr reibungslose Abl\u00e4ufe in Ihrer Prozesskette.<\/p>\n\n\n\n<h5 class=\"wp-block-heading has-custom-1-color has-text-color has-link-color wp-elements-fef03de6a5ad539207d24edf7f822d2e\">Flexibilit\u00e4t<\/h5>\n\n\n\n<p>Mit unserem eigenen modernen Fuhrpark haben wir ein ausgekl\u00fcgeltes Logistiksystem erarbeitet und k\u00f6nnen so flexibel planen und reagieren \u2013 und sogar kurzfristige just-in-time-Kundenw\u00fcnsche erf\u00fcllen<\/p>\n\n\n\n<h5 class=\"wp-block-heading has-custom-1-color has-text-color has-link-color wp-elements-66420a5d267fa324a96b3af888d8ada5\">Nachhaltigkeit<\/h5>\n\n\n\n<p>Natur- und Umweltschutz werden von uns auch auf der Stra\u00dfe gro\u00dfgeschrieben, um unseren \u00f6kologischen Fu\u00dfabdruck zu minimieren.<\/p>\n<\/div>\n<\/div>\n<\/div><\/div>\n<\/div><\/div>\n\n\n\n<p><\/p>\n\n\n\n<div class=\"wp-block-cover alignfull has-custom-content-position is-position-top-center is-light\" style=\"min-height:555px;aspect-ratio:unset;\"><span aria-hidden=\"true\" class=\"wp-block-cover__background has-nv-site-bg-background-color has-background-dim-100 has-background-dim\"><\/span><div class=\"wp-block-cover__inner-container is-layout-flow wp-block-cover-is-layout-flow\">\n<div class=\"wp-block-group\"><div class=\"wp-block-group__inner-container is-layout-flow wp-block-group-is-layout-flow\">\n<hr class=\"wp-block-separator has-text-color has-custom-1-color has-alpha-channel-opacity has-custom-1-background-color has-background is-style-wide\"\/>\n\n\n\n<div style=\"height:33px\" aria-hidden=\"true\" id=\"Kontakt\" class=\"wp-block-spacer\"><\/div>\n\n\n\n<div class=\"wp-block-columns is-layout-flex wp-container-core-columns-is-layout-9d6595d7 wp-block-columns-is-layout-flex\">\n<div class=\"wp-block-column is-vertically-aligned-top is-layout-flow wp-block-column-is-layout-flow\" style=\"flex-basis:50%\">\n<div style=\"height:40px\" aria-hidden=\"true\" class=\"wp-block-spacer\"><\/div>\n\n\n\n<h2 class=\"wp-block-heading has-text-align-left has-neve-text-color-color has-text-color\">Kontaktieren Sie uns<\/h2>\n\n\n\n<p class=\"has-neve-text-color-color has-text-color has-link-color wp-elements-fdd9897babb051a45a6168f4f19a6297\">Sie haben Fragen oder m\u00f6chten mehr \u00fcber unsere Dienstleistungen erfahren? Kontaktieren Sie uns noch heute, um mit einem unserer<br>Experten zu sprechen.<\/p>\n\n\n\n<p class=\"has-neve-text-color-color has-text-color has-link-color wp-elements-5302a3bffa89d08057a488917517819a\">Telefon: +49 7324 9646-0<br>E-Mail: <a href=\"mailto:info@hitzler-transport.de\">info@hitzler-transport.de<\/a><\/p>\n<\/div>\n\n\n\n<div class=\"wp-block-column is-vertically-aligned-center is-layout-flow wp-block-column-is-layout-flow\" style=\"flex-basis:50%\"><div class=\"wp-block-image\">\n<figure class=\"aligncenter size-full\"><img loading=\"lazy\" decoding=\"async\" width=\"1200\" height=\"675\" src=\"https:\/\/www.hitzler-transport.de\/wp-content\/uploads\/2025\/04\/Schetterer-Kopie.jpeg\" alt=\"ein LKW-Fahrer mit Sicherheitsweste l\u00e4chelt aus dem wei\u00dfen F\u00fchrerhaus seines Fahrzeugs heraus und hebt den Daumen. dahinter sieht man eine Bayern-Fass Wechselbr\u00fccke und blauen Himmel\" class=\"wp-image-221\" srcset=\"https:\/\/www.hitzler-transport.de\/wp-content\/uploads\/2025\/04\/Schetterer-Kopie.jpeg 1200w, https:\/\/www.hitzler-transport.de\/wp-content\/uploads\/2025\/04\/Schetterer-Kopie-300x169.jpeg 300w, https:\/\/www.hitzler-transport.de\/wp-content\/uploads\/2025\/04\/Schetterer-Kopie-1024x576.jpeg 1024w, https:\/\/www.hitzler-transport.de\/wp-content\/uploads\/2025\/04\/Schetterer-Kopie-768x432.jpeg 768w\" sizes=\"auto, (max-width: 1200px) 100vw, 1200px\" \/><\/figure>\n<\/div><\/div>\n<\/div>\n<\/div><\/div>\n<\/div><\/div>\n\n\n\n<hr class=\"wp-block-separator has-text-color has-custom-1-color has-alpha-channel-opacity has-custom-1-background-color has-background is-style-wide\"\/>\n\n\n\n<div class=\"wp-block-cover alignfull is-light\" style=\"min-height:603px;aspect-ratio:unset;\" id=\"Karriere\"><span aria-hidden=\"true\" class=\"wp-block-cover__background has-nv-light-bg-background-color has-background-dim-100 has-background-dim\"><\/span><div class=\"wp-block-cover__inner-container is-layout-flow wp-block-cover-is-layout-flow\">\n<div class=\"wp-block-group\"><div class=\"wp-block-group__inner-container is-layout-flow wp-block-group-is-layout-flow\">\n<div class=\"wp-block-columns is-layout-flex wp-container-core-columns-is-layout-9d6595d7 wp-block-columns-is-layout-flex\">\n<div class=\"wp-block-column is-vertically-aligned-center is-layout-flow wp-block-column-is-layout-flow\" style=\"flex-basis:50%\">\n<figure class=\"wp-block-image size-large is-resized\"><img loading=\"lazy\" decoding=\"async\" width=\"1024\" height=\"683\" src=\"https:\/\/www.hitzler-transport.de\/wp-content\/uploads\/2025\/04\/DSC03115-Kopie-1024x683.jpg\" alt=\"Reihung von wei\u00df-blauen Bayern-Fass LKW-Wechselbr\u00fccken auf dem Betriebsgel\u00e4nde in Aichach bei sonnigem Wetter, mit Firmenlogo und Kontaktdaten auf den Planen.\" class=\"wp-image-222\" style=\"width:519px;height:auto\" srcset=\"https:\/\/www.hitzler-transport.de\/wp-content\/uploads\/2025\/04\/DSC03115-Kopie-1024x683.jpg 1024w, https:\/\/www.hitzler-transport.de\/wp-content\/uploads\/2025\/04\/DSC03115-Kopie-300x200.jpg 300w, https:\/\/www.hitzler-transport.de\/wp-content\/uploads\/2025\/04\/DSC03115-Kopie-768x512.jpg 768w, https:\/\/www.hitzler-transport.de\/wp-content\/uploads\/2025\/04\/DSC03115-Kopie-1536x1024.jpg 1536w, https:\/\/www.hitzler-transport.de\/wp-content\/uploads\/2025\/04\/DSC03115-Kopie-2048x1365.jpg 2048w, https:\/\/www.hitzler-transport.de\/wp-content\/uploads\/2025\/04\/DSC03115-Kopie-930x620.jpg 930w\" sizes=\"auto, (max-width: 1024px) 100vw, 1024px\" \/><\/figure>\n<\/div>\n\n\n\n<div class=\"wp-block-column is-vertically-aligned-top is-layout-flow wp-block-column-is-layout-flow\" style=\"padding-top:var(--wp--preset--spacing--50);padding-bottom:var(--wp--preset--spacing--50);flex-basis:50%\">\n<h2 class=\"wp-block-heading has-text-align-left has-neve-text-color-color has-text-color\">Karriere<\/h2>\n\n\n\n<p>Werden auch Sie Mitglied unseres Teams und genie\u00dfen Sie die Vorteile eines&nbsp;Familienunternehmens. Wir freuen uns auf Ihre Bewerbungsunterlagen an&nbsp;<strong><a href=\"bewerbung@hitzler-transport.de\">bewerbung@hitzler-transport.de<\/a><\/strong>.<\/p>\n\n\n\n<ul class=\"wp-block-list\">\n<li><strong>Fuhrparkdisponent:in<\/strong> (m\/w\/d) am Bayern-Fass Standort in Aichach <\/li>\n<\/ul>\n\n\n\n<div class=\"wp-block-file\"><a id=\"wp-block-file--media-1beacdf9-45d7-4162-bb5b-1a4da2487135\" href=\"https:\/\/www.hitzler-transport.de\/?attachment_id=209\" target=\"_blank\" rel=\"noreferrer noopener\">Bayern-Fass-Fuhrparkdisponent-Hitzler<\/a><a href=\"https:\/\/www.hitzler-transport.de\/wp-content\/uploads\/2025\/02\/Bayern-Fass-Fuhrparkdisponent-Hitzler.pdf\" class=\"wp-block-file__button wp-element-button\" download aria-describedby=\"wp-block-file--media-1beacdf9-45d7-4162-bb5b-1a4da2487135\">Download<\/a><\/div>\n\n\n\n<ul class=\"wp-block-list\">\n<li><strong>Berufskraftfahrer\/LKW-Fahrer:in<\/strong> (m\/w\/d) im nationalen und internationalen Fernverkehr in Vollzeit<\/li>\n<\/ul>\n\n\n\n<div class=\"wp-block-file\"><a id=\"wp-block-file--media-8054080b-37c4-47bf-9fba-c6120105ab65\" href=\"https:\/\/www.hitzler-transport.de\/wp-content\/uploads\/2026\/02\/Stellenausschreibung-Hitzler-LKW-Fahrer.pdf\">Stellenausschreibung-Hitzler-LKW-Fahrer<\/a><a href=\"https:\/\/www.hitzler-transport.de\/wp-content\/uploads\/2026\/02\/Stellenausschreibung-Hitzler-LKW-Fahrer.pdf\" class=\"wp-block-file__button wp-element-button\" download aria-describedby=\"wp-block-file--media-8054080b-37c4-47bf-9fba-c6120105ab65\">Download<\/a><\/div>\n\n\n\n<div class=\"wp-block-file\"><a id=\"wp-block-file--media-6b1200e9-0344-4b67-8068-f3b2a979dc29\" href=\"https:\/\/www.hitzler-transport.de\/wp-content\/uploads\/2026\/02\/Download-Job-Description-Truck-Driver-English-PDF.pdf\">Job Description Truck Driver (English PDF)<\/a><a href=\"https:\/\/www.hitzler-transport.de\/wp-content\/uploads\/2026\/02\/Download-Job-Description-Truck-Driver-English-PDF.pdf\" class=\"wp-block-file__button wp-element-button\" download aria-describedby=\"wp-block-file--media-6b1200e9-0344-4b67-8068-f3b2a979dc29\">Download<\/a><\/div>\n<\/div>\n<\/div>\n<\/div><\/div>\n\n\n\n<h5 class=\"wp-block-heading\"><strong><mark style=\"background-color:rgba(0, 0, 0, 0)\" class=\"has-inline-color has-neve-link-color-color\">Alle Standorte \u2013 alle Jobs:<\/mark><\/strong> <\/h5>\n\n\n\n<p>Hier geht&#8217;s zu den offenen Stellen innerhalb der ganzen Bayern-Fass-Gruppe:  <\/p>\n\n\n\n<div class=\"wp-block-buttons is-layout-flex wp-block-buttons-is-layout-flex\">\n<div class=\"wp-block-button\"><a class=\"wp-block-button__link wp-element-button\">https:\/\/karriere.bayern-fass.de\/<\/a><\/div>\n<\/div>\n\n\n\n<p><\/p>\n<\/div><\/div>\n\n\n\n<div style=\"height:24px\" aria-hidden=\"true\" class=\"wp-block-spacer\"><\/div>\n\n\n\n<hr class=\"wp-block-separator has-text-color has-custom-1-color has-alpha-channel-opacity has-custom-1-background-color has-background is-style-wide\"\/>\n\n\n\n<p><\/p>\n","protected":false},"excerpt":{"rendered":"<p>WILLKOMMEN BEI HITZLER TRANSPORT GMBH IHR PARTNER F\u00dcR ZUVERL\u00c4SSIGE TRANSPORT- UND LOGISTIKL\u00d6SUNGEN<\/p>\n","protected":false},"author":2,"featured_media":0,"parent":0,"menu_order":0,"comment_status":"closed","ping_status":"closed","template":"","meta":{"neve_meta_sidebar":"","neve_meta_container":"","neve_meta_enable_content_width":"on","neve_meta_content_width":100,"neve_meta_title_alignment":"","neve_meta_author_avatar":"","neve_post_elements_order":"","neve_meta_disable_header":"","neve_meta_disable_footer":"","neve_meta_disable_title":"on","footnotes":""},"class_list":["post-6","page","type-page","status-publish","hentry"],"_links":{"self":[{"href":"https:\/\/www.hitzler-transport.de\/index.php?rest_route=\/wp\/v2\/pages\/6","targetHints":{"allow":["GET"]}}],"collection":[{"href":"https:\/\/www.hitzler-transport.de\/index.php?rest_route=\/wp\/v2\/pages"}],"about":[{"href":"https:\/\/www.hitzler-transport.de\/index.php?rest_route=\/wp\/v2\/types\/page"}],"author":[{"embeddable":true,"href":"https:\/\/www.hitzler-transport.de\/index.php?rest_route=\/wp\/v2\/users\/2"}],"replies":[{"embeddable":true,"href":"https:\/\/www.hitzler-transport.de\/index.php?rest_route=%2Fwp%2Fv2%2Fcomments&post=6"}],"version-history":[{"count":108,"href":"https:\/\/www.hitzler-transport.de\/index.php?rest_route=\/wp\/v2\/pages\/6\/revisions"}],"predecessor-version":[{"id":323,"href":"https:\/\/www.hitzler-transport.de\/index.php?rest_route=\/wp\/v2\/pages\/6\/revisions\/323"}],"wp:attachment":[{"href":"https:\/\/www.hitzler-transport.de\/index.php?rest_route=%2Fwp%2Fv2%2Fmedia&parent=6"}],"curies":[{"name":"wp","href":"https:\/\/api.w.org\/{rel}","templated":true}]}}